{"id":181,"date":"2018-08-30T07:53:11","date_gmt":"2018-08-30T07:53:11","guid":{"rendered":"http:\/\/www.ski-kanu-reisen.de\/?page_id=181"},"modified":"2025-06-10T11:36:24","modified_gmt":"2025-06-10T09:36:24","slug":"home-2","status":"publish","type":"page","link":"https:\/\/www.ski-kanu-reisen.de\/","title":{"rendered":"Home"},"content":{"rendered":"<table class=\" aligncenter\" style=\"border-style: hidden; width: 114.81%; height: 1012px;\">\n<tbody>\n<tr style=\"height: 289px;\">\n<td style=\"width: 49.63%; height: 183px;\"><a style=\"font-weight: bold; font-family: inherit; font-size: inherit;\" href=\"http:\/\/www.ski-kanu-reisen.de\/?page_id=20\"><img fetchpriority=\"high\" decoding=\"async\" class=\"aligncenter wp-image-520\" src=\"http:\/\/www.ski-kanu-reisen.de\/wp-content\/uploads\/2019\/05\/Anh\u00e4nger-und-Bus-von-Hinten-023.jpg\" alt=\"\" width=\"322\" height=\"242\" srcset=\"https:\/\/www.ski-kanu-reisen.de\/wp-content\/uploads\/2019\/05\/Anh\u00e4nger-und-Bus-von-Hinten-023.jpg 1280w, https:\/\/www.ski-kanu-reisen.de\/wp-content\/uploads\/2019\/05\/Anh\u00e4nger-und-Bus-von-Hinten-023-300x225.jpg 300w, https:\/\/www.ski-kanu-reisen.de\/wp-content\/uploads\/2019\/05\/Anh\u00e4nger-und-Bus-von-Hinten-023-768x576.jpg 768w, https:\/\/www.ski-kanu-reisen.de\/wp-content\/uploads\/2019\/05\/Anh\u00e4nger-und-Bus-von-Hinten-023-1024x768.jpg 1024w\" sizes=\"(max-width: 322px) 100vw, 322px\" \/><\/a><\/p>\n<p><a href=\"https:\/\/www.ski-kanu-reisen.de\/?page_id=20\"><span style=\"font-size: 12pt;\"><strong>Kanuverleih<\/strong> mit Bootstransport<br \/>\n<strong>Alster<\/strong> (Duvenstedt -Stadtpark &#8211; Au\u00dfenalster)<\/span><\/a><br \/>\n<a href=\"https:\/\/www.ski-kanu-reisen.de\/?page_id=20\"><span style=\"font-size: 12pt;\"><strong>Breitenburger Gew\u00e4sser<\/strong> (L\u00e4gerdorf)\u00a0\u00a0<\/span><\/a><br \/>\n<a href=\"https:\/\/www.ski-kanu-reisen.de\/?page_id=20\"><span style=\"font-size: 12pt;\"><strong> St\u00f6r<\/strong> (Arpsdorf-Willenscharen-Kellinghusen)<\/span><\/a><\/td>\n<td style=\"width: 50.09%; height: 183px;\">\n<p><figure id=\"attachment_80\" aria-describedby=\"caption-attachment-80\" style=\"width: 315px\" class=\"wp-caption alignnone\"><a href=\"http:\/\/www.ski-kanu-reisen.de\/?page_id=558\"><img decoding=\"async\" class=\"wp-image-80\" src=\"http:\/\/www.ski-kanu-reisen.de\/wp-content\/uploads\/2018\/08\/Alsterlauf-mit-Kanu-300x199.jpg\" alt=\"Tagestouren\" width=\"315\" height=\"209\" srcset=\"https:\/\/www.ski-kanu-reisen.de\/wp-content\/uploads\/2018\/08\/Alsterlauf-mit-Kanu-300x199.jpg 300w, https:\/\/www.ski-kanu-reisen.de\/wp-content\/uploads\/2018\/08\/Alsterlauf-mit-Kanu-768x510.jpg 768w, https:\/\/www.ski-kanu-reisen.de\/wp-content\/uploads\/2018\/08\/Alsterlauf-mit-Kanu-1024x680.jpg 1024w, https:\/\/www.ski-kanu-reisen.de\/wp-content\/uploads\/2018\/08\/Alsterlauf-mit-Kanu.jpg 2048w\" sizes=\"(max-width: 315px) 100vw, 315px\" \/><\/a><figcaption id=\"caption-attachment-80\" class=\"wp-caption-text\"><a href=\"http:\/\/www.ski-kanu-reisen.de\/?page_id=558\">Kanu-Tagestouren mit Service . (Alster &#8211; Bekau &#8211; B\u00f6hme &#8211; Bramau+Osterau &#8211; Breitenburger Gew\u00e4sser &#8211; Eider &#8211; F\u00fcsinger Au &#8211; Goose Elbe- Ilmenau &#8211; Kremper Au &#8211; Luhe &#8211; Pinnau &#8211; Schwentine &#8211; St\u00f6r &#8211; Trave &#8211; Treene- \/ Warnow \/ Wilster Au<\/a><\/figcaption><\/figure><\/td>\n<\/tr>\n<tr style=\"height: 286px;\">\n<td style=\"width: 49.63%; height: 286px;\">\n<div class=\"mceTemp\">\n<figure id=\"attachment_277\" aria-describedby=\"caption-attachment-277\" style=\"width: 296px\" class=\"wp-caption aligncenter\"><a href=\"http:\/\/www.ski-kanu-reisen.de\/?page_id=212\"><img decoding=\"async\" class=\"wp-image-277\" src=\"http:\/\/www.ski-kanu-reisen.de\/wp-content\/uploads\/2018\/09\/Kanu-Schulklasse-Bramau-2-003-300x225.jpg\" alt=\"Kanutouren f\u00fcr Schulen\" width=\"296\" height=\"222\" srcset=\"https:\/\/www.ski-kanu-reisen.de\/wp-content\/uploads\/2018\/09\/Kanu-Schulklasse-Bramau-2-003-300x225.jpg 300w, https:\/\/www.ski-kanu-reisen.de\/wp-content\/uploads\/2018\/09\/Kanu-Schulklasse-Bramau-2-003-768x576.jpg 768w, https:\/\/www.ski-kanu-reisen.de\/wp-content\/uploads\/2018\/09\/Kanu-Schulklasse-Bramau-2-003-1024x768.jpg 1024w, https:\/\/www.ski-kanu-reisen.de\/wp-content\/uploads\/2018\/09\/Kanu-Schulklasse-Bramau-2-003.jpg 2048w\" sizes=\"(max-width: 296px) 100vw, 296px\" \/><\/a><figcaption id=\"caption-attachment-277\" class=\"wp-caption-text\"><a href=\"http:\/\/www.ski-kanu-reisen.de\/?page_id=212\">Kanutouren f\u00fcr Schulen auch mit Kanuscheinbegleitung<\/a><\/figcaption><\/figure>\n<\/div>\n<\/td>\n<td style=\"width: 50.09%; height: 286px;\">\n<div class=\"mceTemp\">\n<figure id=\"attachment_302\" aria-describedby=\"caption-attachment-302\" style=\"width: 290px\" class=\"wp-caption aligncenter\"><a href=\"http:\/\/www.ski-kanu-reisen.de\/?page_id=294\"><img loading=\"lazy\" decoding=\"async\" class=\"wp-image-302\" src=\"http:\/\/www.ski-kanu-reisen.de\/wp-content\/uploads\/2018\/09\/Alster-die-Bucht-4.bmp\" alt=\"Gruppentour\" width=\"290\" height=\"218\" \/><\/a><figcaption id=\"caption-attachment-302\" class=\"wp-caption-text\"><a href=\"http:\/\/www.ski-kanu-reisen.de\/?page_id=294\">Gruppentouren\/ Events f\u00fcr Firmen, Geburtstage, Junggesellenabschiede, (auch mit Service \/ Grill)<\/a><\/figcaption><\/figure>\n<\/div>\n<\/td>\n<\/tr>\n<tr style=\"height: 241px;\">\n<td style=\"width: 49.63%; height: 241px;\">\n<p><figure id=\"attachment_202\" aria-describedby=\"caption-attachment-202\" style=\"width: 269px\" class=\"wp-caption aligncenter\"><a href=\"http:\/\/www.ski-kanu-reisen.de\/?page_id=755\"><img loading=\"lazy\" decoding=\"async\" class=\"wp-image-202\" src=\"http:\/\/www.ski-kanu-reisen.de\/wp-content\/uploads\/2018\/08\/WG-Kanu-See-mit-Inseln-mit-Kanuspitze.jpg\" alt=\"\" width=\"269\" height=\"190\" \/><\/a><figcaption id=\"caption-attachment-202\" class=\"wp-caption-text\"><a href=\"https:\/\/www.ski-kanu-reisen.de\/?page_id=755\">Kanusafari Schweden (Dalsland-V\u00e4rmland<\/a>)<\/figcaption><\/figure><\/td>\n<td style=\"width: 50.09%; height: 241px;\">\n<p><figure id=\"attachment_767\" aria-describedby=\"caption-attachment-767\" style=\"width: 293px\" class=\"wp-caption aligncenter\"><a href=\"http:\/\/www.ski-kanu-reisen.de\/?page_id=755\"><img loading=\"lazy\" decoding=\"async\" class=\"wp-image-767\" src=\"http:\/\/www.ski-kanu-reisen.de\/wp-content\/uploads\/2019\/12\/Dalsland-08-040-200x125.jpg\" alt=\"\" width=\"293\" height=\"220\" srcset=\"https:\/\/www.ski-kanu-reisen.de\/wp-content\/uploads\/2019\/12\/Dalsland-08-040-300x225.jpg 300w, https:\/\/www.ski-kanu-reisen.de\/wp-content\/uploads\/2019\/12\/Dalsland-08-040-440x330.jpg 440w, https:\/\/www.ski-kanu-reisen.de\/wp-content\/uploads\/2019\/12\/Dalsland-08-040.jpg 640w\" sizes=\"(max-width: 293px) 100vw, 293px\" \/><\/a><figcaption id=\"caption-attachment-767\" class=\"wp-caption-text\"><a href=\"http:\/\/www.ski-kanu-reisen.de\/?page_id=755\">Kanu &#8211; Lagerplatz in Schweden mit Sonnen- untergang gegen Mitternacht<\/a><\/figcaption><\/figure><\/td>\n<\/tr>\n<tr style=\"height: 302px;\">\n<td style=\"width: 49.63%; height: 302px;\"><\/td>\n<td style=\"width: 50.09%; height: 302px;\"><\/td>\n<\/tr>\n<\/tbody>\n<\/table>\n<p>&nbsp;<\/p>\n","protected":false},"excerpt":{"rendered":"<p>Kanuverleih mit Bootstransport Alster (Duvenstedt -Stadtpark &#8211; Au\u00dfenalster) Breitenburger Gew\u00e4sser (L\u00e4gerdorf)\u00a0\u00a0 St\u00f6r (Arpsdorf-Willenscharen-Kellinghusen) &nbsp;<\/p>\n","protected":false},"author":1,"featured_media":0,"parent":0,"menu_order":0,"comment_status":"closed","ping_status":"closed","template":"","meta":{"footnotes":""},"class_list":["post-181","page","type-page","status-publish","hentry"],"_links":{"self":[{"href":"https:\/\/www.ski-kanu-reisen.de\/index.php?rest_route=\/wp\/v2\/pages\/181","targetHints":{"allow":["GET"]}}],"collection":[{"href":"https:\/\/www.ski-kanu-reisen.de\/index.php?rest_route=\/wp\/v2\/pages"}],"about":[{"href":"https:\/\/www.ski-kanu-reisen.de\/index.php?rest_route=\/wp\/v2\/types\/page"}],"author":[{"embeddable":true,"href":"https:\/\/www.ski-kanu-reisen.de\/index.php?rest_route=\/wp\/v2\/users\/1"}],"replies":[{"embeddable":true,"href":"https:\/\/www.ski-kanu-reisen.de\/index.php?rest_route=%2Fwp%2Fv2%2Fcomments&post=181"}],"version-history":[{"count":116,"href":"https:\/\/www.ski-kanu-reisen.de\/index.php?rest_route=\/wp\/v2\/pages\/181\/revisions"}],"predecessor-version":[{"id":1083,"href":"https:\/\/www.ski-kanu-reisen.de\/index.php?rest_route=\/wp\/v2\/pages\/181\/revisions\/1083"}],"wp:attachment":[{"href":"https:\/\/www.ski-kanu-reisen.de\/index.php?rest_route=%2Fwp%2Fv2%2Fmedia&parent=181"}],"curies":[{"name":"wp","href":"https:\/\/api.w.org\/{rel}","templated":true}]}}