{"id":25,"date":"2018-08-27T16:25:27","date_gmt":"2018-08-27T16:25:27","guid":{"rendered":"http:\/\/www.ski-kanu-reisen.de\/?page_id=25"},"modified":"2025-05-26T16:17:04","modified_gmt":"2025-05-26T14:17:04","slug":"kanu-tagestouren","status":"publish","type":"page","link":"https:\/\/www.ski-kanu-reisen.de\/?page_id=25","title":{"rendered":"Kanu-Tagestouren: Termine 2025 z.Z. auf Anfrage"},"content":{"rendered":"<p><span style=\"color: #ffffff; font-size: 8pt;\">http:\/\/www.urlaub-anbieter.com\/skilanglauf-kanu-reisen-elvers-4.htm<\/span><\/p>\n<p><strong><span style=\"font-size: 14pt;\"><span style=\"font-size: 18pt;\">Termine<\/span> mit Fluss und Ort (siehe weiter unten)<\/span><br \/>\n<\/strong><\/p>\n<figure id=\"attachment_80\" aria-describedby=\"caption-attachment-80\" style=\"width: 348px\" class=\"wp-caption alignright\"><img fetchpriority=\"high\" decoding=\"async\" class=\"wp-image-80\" src=\"http:\/\/www.ski-kanu-reisen.de\/wp-content\/uploads\/2018\/08\/Alsterlauf-mit-Kanu-300x199.jpg\" alt=\"Alsterlauf von Duvenstedt bis Poppenb\u00fcttel\" width=\"348\" height=\"231\" srcset=\"https:\/\/www.ski-kanu-reisen.de\/wp-content\/uploads\/2018\/08\/Alsterlauf-mit-Kanu-300x199.jpg 300w, https:\/\/www.ski-kanu-reisen.de\/wp-content\/uploads\/2018\/08\/Alsterlauf-mit-Kanu-768x510.jpg 768w, https:\/\/www.ski-kanu-reisen.de\/wp-content\/uploads\/2018\/08\/Alsterlauf-mit-Kanu-1024x680.jpg 1024w, https:\/\/www.ski-kanu-reisen.de\/wp-content\/uploads\/2018\/08\/Alsterlauf-mit-Kanu.jpg 2048w\" sizes=\"(max-width: 348px) 100vw, 348px\" \/><figcaption id=\"caption-attachment-80\" class=\"wp-caption-text\">Alsterlauf Duvenstedt Poppenb\u00fcttel<\/figcaption><\/figure>\n<p style=\"text-align: left;\">Wir treffen uns zu der im Programm genannten Uhrzeit am S-Bahnhof Pinneberg. Selbstfahrer kommen bitte direkt zum Treffpunkt am Paddelfluss (bitte unbedingt bei der Anmeldung angeben). Bevor es aufs Wasser geht, erfolgt eine Demonstration zum Umgang mit dem Kanu (Wander-Canadier) sowie zur Steuertechnik. W\u00e4hrend der Kanutour stehen wir mit fachkundigen Ratschl\u00e4gen zur Verf\u00fcgung. Wertsachen, Fotoapparat, Wechselkleidung und Regenzeug werden vorsichtshalber in einer von uns zur Verf\u00fcgung gestellten wasserdichten Tonne verstaut. Bei der Kanutour geben wir Tipps und bei Schwierigkeiten fachkundige Hilfen.<em><br \/>\n<\/em><\/p>\n<figure id=\"attachment_391\" aria-describedby=\"caption-attachment-391\" style=\"width: 239px\" class=\"wp-caption alignleft\"><img decoding=\"async\" class=\"wp-image-391 size-medium\" src=\"http:\/\/www.ski-kanu-reisen.de\/wp-content\/uploads\/2019\/04\/Kanus-im-Flu\u00df-400p-239x300.jpg\" alt=\"Pause am Kanufluss\" width=\"239\" height=\"300\" srcset=\"https:\/\/www.ski-kanu-reisen.de\/wp-content\/uploads\/2019\/04\/Kanus-im-Flu\u00df-400p-239x300.jpg 239w, https:\/\/www.ski-kanu-reisen.de\/wp-content\/uploads\/2019\/04\/Kanus-im-Flu\u00df-400p.jpg 373w\" sizes=\"(max-width: 239px) 100vw, 239px\" \/><figcaption id=\"caption-attachment-391\" class=\"wp-caption-text\">Pause am Kanufluss<\/figcaption><\/figure>\n<p style=\"text-align: left;\">W\u00e4hrend der Pause kochen wir Tee und Kaffee. Zum Sitzen sind f\u00fcr die Paddler kleine Campingst\u00fchle vorhanden. Brote \/Salate \/ Kuchen u.\u00e4. sollten mitgenommen werden.<br \/>\n<span style=\"color: #000000;\">Bei den Touren mit dem Vermerk <strong>\u201emit Grill<\/strong>\u201c stellen wir die Grillger\u00e4te und die Holzkohle.<\/span>\u00a0<span style=\"color: #000000;\">Bitte Fleisch, Wurst etc. zum Grillen mitbringen.<\/span><\/p>\n<p>Preise: 40,00 \u20ac bei eigener Anreise<br \/>\nSonderpreise bei eigener Anreise (f\u00fcr alle Touren):<br \/>\nKinder bis zu 4 Jahren als 3. oder 4. Person = frei<br \/>\nKinder von 5 bis 12 Jahren im 3er Kanu mit zwei zahlenden Erwachsenen \u00a0= \u20ac 20,00<br \/>\nKinder von 5 bis 12 Jahren im 2er Kanu mit einem zahlenden Erwachsenen \u00a0= \u20ac 25,00<\/p>\n<p><strong>*) = Touren mit Grillm\u00f6glichkeit:<\/strong> Hier stellen wir Grillger\u00e4te und Grillkohle.<br \/>\nBitte Fleisch, Wurst etc. sowie Besteck, Teller etc. . mitbringen<\/p>\n<table style=\"border-collapse: collapse; width: 100%; height: 428px;\">\n<tbody>\n<tr style=\"height: 43px;\">\n<td style=\"width: 22.5641%; height: 43px;\"><span style=\"font-size: 12pt;\"><strong>\u00a0\u00a0<\/strong><\/span><\/td>\n<td style=\"width: 34.188%; height: 43px;\"><span style=\"font-size: 12pt;\"><strong>Kremper Au <\/strong><\/span><\/td>\n<td style=\"width: 43.2478%; height: 43px;\"><span style=\"font-size: 12pt;\">S<strong>teinburg -Borsfleth (Einkehr)<\/strong><\/span><\/td>\n<\/tr>\n<tr style=\"height: 43px;\">\n<td style=\"width: 22.5641%; height: 43px;\"><span style=\"font-size: 12pt;\"><strong>\u00a0\u00a0<\/strong><\/span><\/td>\n<td style=\"width: 34.188%; height: 43px;\"><strong><span style=\"font-size: 12pt;\">Breitenburger Gew\u00e4sser\u00a0<\/span><\/strong><\/td>\n<td style=\"width: 43.2478%; height: 43px;\"><strong><span style=\"font-size: 12pt;\">(bei L\u00e4ngerdorf, N\u00e4he Itzehoe)<\/span><\/strong><\/td>\n<\/tr>\n<tr style=\"height: 43px;\">\n<td style=\"width: 22.5641%; height: 43px;\"><\/td>\n<td style=\"width: 34.188%; height: 43px;\"><strong><span style=\"font-size: 12pt;\">Ilmenau*)<\/span><\/strong><\/td>\n<td style=\"width: 43.2478%; height: 43px;\"><strong><span style=\"font-size: 12pt;\">Bienenb\u00fcttel-L\u00fcneburg<\/span><\/strong><\/td>\n<\/tr>\n<tr style=\"height: 43px;\">\n<td style=\"width: 22.5641%; height: 43px;\"><\/td>\n<td style=\"width: 34.188%; height: 43px;\"><strong><span style=\"font-size: 12pt;\">Alster*)<\/span><\/strong><\/td>\n<td style=\"width: 43.2478%; height: 43px;\"><strong><span style=\"font-size: 12pt;\">Wulksfelde &#8211; Poppenb\u00fcttel<\/span><\/strong><\/td>\n<\/tr>\n<tr style=\"height: 43px;\">\n<td style=\"width: 22.5641%; height: 43px;\"><\/td>\n<td style=\"width: 34.188%; height: 43px;\"><strong><span style=\"font-size: 12pt;\">Este<\/span><\/strong><\/td>\n<td style=\"width: 43.2478%; height: 43px;\"><strong><span style=\"font-size: 12pt;\">Hollenstedt &#8211; Buxtehude<\/span><\/strong><\/td>\n<\/tr>\n<tr style=\"height: 43px;\">\n<td style=\"width: 22.5641%; height: 43px;\"><\/td>\n<td style=\"width: 34.188%; height: 43px;\"><strong><span style=\"font-size: 12pt;\">Bekau*)<\/span><\/strong><\/td>\n<td style=\"width: 43.2478%; height: 43px;\"><strong><span style=\"font-size: 12pt;\">Beekm\u00fcnde N\u00e4he Itzehoe<\/span><\/strong><\/td>\n<\/tr>\n<tr style=\"height: 43px;\">\n<td style=\"width: 22.5641%; height: 41px;\"><\/td>\n<td style=\"width: 34.188%; height: 41px;\"><strong><span style=\"font-size: 12pt;\">Rhin+Schwarzwasser*)<\/span><\/strong><\/td>\n<td style=\"width: 43.2478%; height: 41px;\"><strong><span style=\"font-size: 12pt;\">Rundkurs bei Gl\u00fcckstadt<\/span><\/strong><\/td>\n<\/tr>\n<tr style=\"height: 43px;\">\n<td style=\"width: 22.5641%; height: 43px;\"><\/td>\n<td style=\"width: 34.188%; height: 43px;\"><strong><span style=\"font-size: 12pt;\">Trave*)<\/span><\/strong><\/td>\n<td style=\"width: 43.2478%; height: 43px;\"><strong><span style=\"font-size: 12pt;\">bei Bad Segeberg<\/span><\/strong><\/td>\n<\/tr>\n<tr style=\"height: 43px;\">\n<td style=\"width: 22.5641%; height: 43px;\"><\/td>\n<td style=\"width: 34.188%; height: 43px;\"><strong><span style=\"font-size: 12pt;\">Wilster Au<\/span><\/strong><\/td>\n<td style=\"width: 43.2478%; height: 43px;\"><strong><span style=\"font-size: 12pt;\">Wilster bis Nord-Ostsee-Kanal<\/span><\/strong><\/td>\n<\/tr>\n<tr style=\"height: 43px;\">\n<td style=\"width: 22.5641%; height: 43px;\"><\/td>\n<td style=\"width: 34.188%; height: 43px;\"><strong><span style=\"font-size: 12pt;\">Breitenburger Gew\u00e4sser<\/span><\/strong><\/td>\n<td style=\"width: 43.2478%; height: 43px;\"><strong><span style=\"font-size: 12pt;\">L\u00e4gerdorf bei Itzehoe<\/span><\/strong><\/td>\n<\/tr>\n<\/tbody>\n<\/table>\n<table style=\"border-collapse: collapse; width: 100%; height: 430px;\">\n<tbody>\n<tr style=\"height: 43px;\">\n<td style=\"width: 22.5641%; height: 43px;\"><\/td>\n<td style=\"width: 34.188%; height: 43px;\"><strong><span style=\"font-size: 12pt;\">Schwentine+Holst.Seen<\/span><\/strong><\/td>\n<td style=\"width: 43.2478%; height: 43px;\"><strong><span style=\"font-size: 12pt;\">Pl\u00f6n-Preetz-Schwentinetal<\/span><\/strong><\/td>\n<\/tr>\n<tr style=\"height: 43px;\">\n<td style=\"width: 22.5641%; height: 43px;\"><\/td>\n<td style=\"width: 34.188%; height: 43px;\"><strong><span style=\"font-size: 12pt;\">St\u00f6r<\/span><\/strong><\/td>\n<td style=\"width: 43.2478%; height: 43px;\"><strong><span style=\"font-size: 12pt;\">Arpsdorf &#8211; St\u00f6rkathen<\/span><\/strong><\/td>\n<\/tr>\n<tr style=\"height: 43px;\">\n<td style=\"width: 22.5641%; height: 43px;\"><\/td>\n<td style=\"width: 34.188%; height: 43px;\"><strong><span style=\"font-size: 12pt;\">F\u00fcsinger Au<\/span><\/strong><\/td>\n<td style=\"width: 43.2478%; height: 43px;\"><strong><span style=\"font-size: 12pt;\">F\u00fcsing, N\u00e4he Schleswig<\/span><\/strong><\/td>\n<\/tr>\n<tr style=\"height: 43px;\">\n<td style=\"width: 22.5641%; height: 43px;\"><\/td>\n<td style=\"width: 34.188%; height: 43px;\"><strong><span style=\"font-size: 12pt;\">Eider<\/span><\/strong><\/td>\n<td style=\"width: 43.2478%; height: 43px;\"><strong><span style=\"font-size: 12pt;\">N\u00e4he Kiel- Flintbek-Molfsee-A.<\/span><\/strong><\/td>\n<\/tr>\n<tr style=\"height: 43px;\">\n<td style=\"width: 22.5641%; height: 43px;\"><\/td>\n<td style=\"width: 34.188%; height: 43px;\"><strong><span style=\"font-size: 12pt;\">Pinnau<\/span><\/strong><\/td>\n<td style=\"width: 43.2478%; height: 43px;\"><strong><span style=\"font-size: 12pt;\">Uetersen &#8211; Pinneberg<\/span><\/strong><\/td>\n<\/tr>\n<tr style=\"height: 43px;\">\n<td style=\"width: 22.5641%; height: 43px;\"><\/td>\n<td style=\"width: 34.188%; height: 43px;\"><strong><span style=\"font-size: 12pt;\">Alster*)<\/span><\/strong><\/td>\n<td style=\"width: 43.2478%; height: 43px;\"><strong><span style=\"font-size: 12pt;\">Duvenstedt-Poppenb\u00fcttel<\/span><\/strong><\/td>\n<\/tr>\n<tr style=\"height: 43px;\">\n<td style=\"width: 22.5641%; height: 43px;\"><\/td>\n<td style=\"width: 34.188%; height: 43px;\"><strong><span style=\"font-size: 12pt;\">Luhe*)<\/span><\/strong><\/td>\n<td style=\"width: 43.2478%; height: 43px;\"><strong><span style=\"font-size: 12pt;\">Luhm\u00fchlen &#8211; Winsen \/L<\/span><\/strong><\/td>\n<\/tr>\n<tr style=\"height: 43px;\">\n<td style=\"width: 22.5641%; height: 43px;\"><\/td>\n<td style=\"width: 34.188%; height: 43px;\"><strong><span style=\"font-size: 12pt;\">Ilmenau *)<\/span><\/strong><\/td>\n<td style=\"width: 43.2478%; height: 43px;\"><strong><span style=\"font-size: 12pt;\">Bienenb\u00fcttel &#8211; L\u00fcneburg<\/span><\/strong><\/td>\n<\/tr>\n<tr style=\"height: 43px;\">\n<td style=\"width: 22.5641%; height: 43px;\"><\/td>\n<td style=\"width: 34.188%; height: 43px;\"><strong><span style=\"font-size: 12pt;\">Osterau+Bramau<\/span><\/strong><\/td>\n<td style=\"width: 43.2478%; height: 43px;\"><strong><span style=\"font-size: 12pt;\">Bim\u00f6hlen-Bad Bramstedt-Wrist<\/span><\/strong><\/td>\n<\/tr>\n<tr style=\"height: 43px;\">\n<td style=\"width: 22.5641%; height: 43px;\"><\/td>\n<td style=\"width: 34.188%; height: 43px;\"><strong><span style=\"font-size: 12pt;\">Alster*)<\/span><\/strong><\/td>\n<td style=\"width: 43.2478%; height: 43px;\"><strong><span style=\"font-size: 12pt;\">Wulksfelde-Poppenb\u00fcttel<\/span><\/strong><\/td>\n<\/tr>\n<\/tbody>\n<\/table>\n<table style=\"border-collapse: collapse; width: 100%; height: 430px;\">\n<tbody>\n<tr style=\"height: 43px;\">\n<td style=\"width: 22.5641%; height: 43px;\"><\/td>\n<td style=\"width: 34.188%; height: 43px;\"><strong><span style=\"font-size: 12pt;\">Treene<\/span><\/strong><\/td>\n<td style=\"width: 43.2478%; height: 43px;\"><strong><span style=\"font-size: 12pt;\">Egenb\u00fcttel- Treia N\u00e4he Schleswig<\/span><\/strong><\/td>\n<\/tr>\n<tr style=\"height: 43px;\">\n<td style=\"width: 22.5641%; height: 43px;\"><\/td>\n<td style=\"width: 34.188%; height: 43px;\"><strong><span style=\"font-size: 12pt;\">Rhin + Schwarzwasser*)<\/span><\/strong><\/td>\n<td style=\"width: 43.2478%; height: 43px;\"><strong><span style=\"font-size: 12pt;\">Rundkurs bei Gl\u00fcckstadt<\/span><\/strong><\/td>\n<\/tr>\n<tr style=\"height: 43px;\">\n<td style=\"width: 22.5641%; height: 43px;\"><\/td>\n<td style=\"width: 34.188%; height: 43px;\"><strong><span style=\"font-size: 12pt;\">St\u00f6r*)<\/span><\/strong><\/td>\n<td style=\"width: 43.2478%; height: 43px;\"><strong><span style=\"font-size: 12pt;\">Arpsdorf &#8211; St\u00f6rkathen<\/span><\/strong><\/td>\n<\/tr>\n<tr style=\"height: 43px;\">\n<td style=\"width: 22.5641%; height: 43px;\"><\/td>\n<td style=\"width: 34.188%; height: 43px;\"><strong><span style=\"font-size: 12pt;\">Osterau + Bramau<\/span><\/strong><\/td>\n<td style=\"width: 43.2478%; height: 43px;\"><strong><span style=\"font-size: 12pt;\">Bim\u00f6hlen-Bad Bramstedt-Wrist<\/span><\/strong><\/td>\n<\/tr>\n<tr style=\"height: 43px;\">\n<td style=\"width: 22.5641%; height: 43px;\"><\/td>\n<td style=\"width: 34.188%; height: 43px;\"><strong><span style=\"font-size: 12pt;\">B\u00f6hme<\/span><\/strong><\/td>\n<td style=\"width: 43.2478%; height: 43px;\"><strong><span style=\"font-size: 12pt;\">Dorfmark &#8211; Walsrode<\/span><\/strong><\/td>\n<\/tr>\n<tr style=\"height: 43px;\">\n<td style=\"width: 22.5641%; height: 43px;\"><\/td>\n<td style=\"width: 34.188%; height: 43px;\"><strong><span style=\"font-size: 12pt;\">Bekau*)<\/span><\/strong><\/td>\n<td style=\"width: 43.2478%; height: 43px;\"><strong><span style=\"font-size: 12pt;\">Beekm\u00fcnde bei Itzehoe<\/span><\/strong><\/td>\n<\/tr>\n<tr style=\"height: 43px;\">\n<td style=\"width: 22.5641%; height: 43px;\"><\/td>\n<td style=\"width: 34.188%; height: 43px;\"><strong><span style=\"font-size: 12pt;\">Dose+Gose Elbe<\/span><\/strong><\/td>\n<td style=\"width: 43.2478%; height: 43px;\"><strong><span style=\"font-size: 12pt;\">Rundkurs ab\/an Allerm\u00f6he<\/span><\/strong><\/td>\n<\/tr>\n<tr style=\"height: 43px;\">\n<td style=\"width: 22.5641%; height: 43px;\"><\/td>\n<td style=\"width: 34.188%; height: 43px;\"><strong><span style=\"font-size: 12pt;\">Wilster Au<\/span><\/strong><\/td>\n<td style=\"width: 43.2478%; height: 43px;\"><strong><span style=\"font-size: 12pt;\">Wilster &#8211; Nord-Ostsee-Kanal<\/span><\/strong><\/td>\n<\/tr>\n<tr style=\"height: 43px;\">\n<td style=\"width: 22.5641%; height: 43px;\"><\/td>\n<td style=\"width: 34.188%; height: 43px;\"><strong><span style=\"font-size: 12pt;\">Este<\/span><\/strong><\/td>\n<td style=\"width: 43.2478%; height: 43px;\"><strong><span style=\"font-size: 12pt;\">Hollenstedt &#8211; Buxtehude<\/span><\/strong><\/td>\n<\/tr>\n<tr style=\"height: 43px;\">\n<td style=\"width: 22.5641%; height: 43px;\"><\/td>\n<td style=\"width: 34.188%; height: 43px;\"><strong><span style=\"font-size: 12pt;\">Warnow\u00a0 (MeckPomm)<\/span><\/strong><\/td>\n<td style=\"width: 43.2478%; height: 43px;\"><strong><span style=\"font-size: 12pt;\">Sternberg &#8211; zum Ort Warnow<\/span><\/strong><\/td>\n<\/tr>\n<\/tbody>\n<\/table>\n<table style=\"border-collapse: collapse; width: 100%; height: 430px;\">\n<tbody>\n<tr style=\"height: 43px;\">\n<td style=\"width: 22.5641%; height: 43px;\"><\/td>\n<td style=\"width: 34.188%; height: 43px;\"><strong><span style=\"font-size: 12pt;\">Schwentine +Holst.Seen<\/span><\/strong><\/td>\n<td style=\"width: 43.2478%; height: 43px;\"><strong><span style=\"font-size: 12pt;\">Pl\u00f6n-Preetz-Schwentinetal<\/span><\/strong><\/td>\n<\/tr>\n<tr style=\"height: 43px;\">\n<td style=\"width: 22.5641%; height: 43px;\"><\/td>\n<td style=\"width: 34.188%; height: 43px;\"><strong><span style=\"font-size: 12pt;\">Ilmenau*)<\/span><\/strong><\/td>\n<td style=\"width: 43.2478%; height: 43px;\"><strong><span style=\"font-size: 12pt;\">Bienenb\u00fcttel &#8211; L\u00fcneburg<\/span><\/strong><\/td>\n<\/tr>\n<tr style=\"height: 43px;\">\n<td style=\"width: 22.5641%; height: 43px;\"><\/td>\n<td style=\"width: 34.188%; height: 43px;\"><strong><span style=\"font-size: 12pt;\">St\u00f6r*)<\/span><\/strong><\/td>\n<td style=\"width: 43.2478%; height: 43px;\"><strong><span style=\"font-size: 12pt;\">Arpsdorf &#8211; St\u00f6rtkathen<\/span><\/strong><\/td>\n<\/tr>\n<tr style=\"height: 43px;\">\n<td style=\"width: 22.5641%; height: 43px;\"><\/td>\n<td style=\"width: 34.188%; height: 43px;\"><strong><span style=\"font-size: 12pt;\">Alster*)<\/span><\/strong><\/td>\n<td style=\"width: 43.2478%; height: 43px;\"><strong><span style=\"font-size: 12pt;\">Duvenstedt &#8211; Poppenb\u00fcttel<\/span><\/strong><\/td>\n<\/tr>\n<tr style=\"height: 43px;\">\n<td style=\"width: 22.5641%; height: 43px;\"><\/td>\n<td style=\"width: 34.188%; height: 43px;\"><\/td>\n<td style=\"width: 43.2478%; height: 43px;\"><\/td>\n<\/tr>\n<tr style=\"height: 43px;\">\n<td style=\"width: 22.5641%; height: 43px;\"><\/td>\n<td style=\"width: 34.188%; height: 43px;\"><\/td>\n<td style=\"width: 43.2478%; height: 43px;\"><\/td>\n<\/tr>\n<tr style=\"height: 43px;\">\n<td style=\"width: 22.5641%; height: 43px;\"><\/td>\n<td style=\"width: 34.188%; height: 43px;\"><\/td>\n<td style=\"width: 43.2478%; height: 43px;\"><\/td>\n<\/tr>\n<tr style=\"height: 43px;\">\n<td style=\"width: 22.5641%; height: 43px;\"><\/td>\n<td style=\"width: 34.188%; height: 43px;\"><\/td>\n<td style=\"width: 43.2478%; height: 43px;\"><\/td>\n<\/tr>\n<tr style=\"height: 43px;\">\n<td style=\"width: 22.5641%; height: 43px;\"><\/td>\n<td style=\"width: 34.188%; height: 43px;\"><\/td>\n<td style=\"width: 43.2478%; height: 43px;\"><\/td>\n<\/tr>\n<tr style=\"height: 43px;\">\n<td style=\"width: 22.5641%; height: 43px;\"><\/td>\n<td style=\"width: 34.188%; height: 43px;\"><\/td>\n<td style=\"width: 43.2478%; height: 43px;\"><\/td>\n<\/tr>\n<\/tbody>\n<\/table>\n","protected":false},"excerpt":{"rendered":"<p>http:\/\/www.urlaub-anbieter.com\/skilanglauf-kanu-reisen-elvers-4.htm Termine mit Fluss und Ort (siehe weiter unten) Wir treffen uns zu der im Programm genannten Uhrzeit am S-Bahnhof Pinneberg. Selbstfahrer kommen bitte direkt zum Treffpunkt am Paddelfluss (bitte unbedingt bei der Anmeldung angeben).<\/p>\n","protected":false},"author":1,"featured_media":0,"parent":0,"menu_order":0,"comment_status":"closed","ping_status":"closed","template":"","meta":{"footnotes":""},"class_list":["post-25","page","type-page","status-publish","hentry"],"_links":{"self":[{"href":"https:\/\/www.ski-kanu-reisen.de\/index.php?rest_route=\/wp\/v2\/pages\/25","targetHints":{"allow":["GET"]}}],"collection":[{"href":"https:\/\/www.ski-kanu-reisen.de\/index.php?rest_route=\/wp\/v2\/pages"}],"about":[{"href":"https:\/\/www.ski-kanu-reisen.de\/index.php?rest_route=\/wp\/v2\/types\/page"}],"author":[{"embeddable":true,"href":"https:\/\/www.ski-kanu-reisen.de\/index.php?rest_route=\/wp\/v2\/users\/1"}],"replies":[{"embeddable":true,"href":"https:\/\/www.ski-kanu-reisen.de\/index.php?rest_route=%2Fwp%2Fv2%2Fcomments&post=25"}],"version-history":[{"count":89,"href":"https:\/\/www.ski-kanu-reisen.de\/index.php?rest_route=\/wp\/v2\/pages\/25\/revisions"}],"predecessor-version":[{"id":1065,"href":"https:\/\/www.ski-kanu-reisen.de\/index.php?rest_route=\/wp\/v2\/pages\/25\/revisions\/1065"}],"wp:attachment":[{"href":"https:\/\/www.ski-kanu-reisen.de\/index.php?rest_route=%2Fwp%2Fv2%2Fmedia&parent=25"}],"curies":[{"name":"wp","href":"https:\/\/api.w.org\/{rel}","templated":true}]}}